{"id":37,"date":"2026-01-14T12:20:03","date_gmt":"2026-01-14T12:20:03","guid":{"rendered":"https:\/\/vednice.zolta.cz\/?page_id=37"},"modified":"2026-03-19T13:58:54","modified_gmt":"2026-03-19T13:58:54","slug":"probehnuvsi-atrakce","status":"publish","type":"page","link":"https:\/\/vednice.zolta.cz\/?page_id=37","title":{"rendered":"Prob\u011bhnuv\u0161\u00ed (atr)akce"},"content":{"rendered":"\n<div class=\"wp-block-group alignfull is-style-section-1 has-global-padding is-layout-constrained wp-container-core-group-is-layout-cdf985e3 wp-block-group-is-layout-constrained is-style-section-1--1\" style=\"min-height:100vh;margin-top:0;margin-bottom:0;padding-top:var(--wp--preset--spacing--80);padding-right:var(--wp--preset--spacing--80);padding-bottom:var(--wp--preset--spacing--80);padding-left:var(--wp--preset--spacing--80)\">\n<div class=\"wp-block-columns alignwide are-vertically-aligned-center is-layout-flex wp-container-core-columns-is-layout-643ced6b wp-block-columns-is-layout-flex\">\n<div class=\"wp-block-column is-vertically-aligned-center is-layout-flow wp-block-column-is-layout-flow\">\n<figure class=\"wp-block-image aligncenter size-full has-custom-border\"><img loading=\"lazy\" decoding=\"async\" width=\"2000\" height=\"1200\" src=\"http:\/\/vednice.zolta.cz\/wp-content\/uploads\/2026\/01\/vednice-kubik-metrCtverecni-klacky-technicke-muzeum-pod-sirym-nebem.jpg\" alt=\"\" class=\"wp-image-39\" style=\"border-top-left-radius:150px;border-bottom-right-radius:150px;object-fit:cover\" srcset=\"https:\/\/vednice.zolta.cz\/wp-content\/uploads\/2026\/01\/vednice-kubik-metrCtverecni-klacky-technicke-muzeum-pod-sirym-nebem.jpg 2000w, https:\/\/vednice.zolta.cz\/wp-content\/uploads\/2026\/01\/vednice-kubik-metrCtverecni-klacky-technicke-muzeum-pod-sirym-nebem-300x180.jpg 300w, https:\/\/vednice.zolta.cz\/wp-content\/uploads\/2026\/01\/vednice-kubik-metrCtverecni-klacky-technicke-muzeum-pod-sirym-nebem-1024x614.jpg 1024w, https:\/\/vednice.zolta.cz\/wp-content\/uploads\/2026\/01\/vednice-kubik-metrCtverecni-klacky-technicke-muzeum-pod-sirym-nebem-768x461.jpg 768w, https:\/\/vednice.zolta.cz\/wp-content\/uploads\/2026\/01\/vednice-kubik-metrCtverecni-klacky-technicke-muzeum-pod-sirym-nebem-1536x922.jpg 1536w\" sizes=\"auto, (max-width: 2000px) 100vw, 2000px\" \/><\/figure>\n\n\n\n<figure class=\"wp-block-image aligncenter size-full has-custom-border\"><img loading=\"lazy\" decoding=\"async\" width=\"800\" height=\"600\" src=\"http:\/\/vednice.zolta.cz\/wp-content\/uploads\/2026\/01\/vednice-vahy-rovnice-zavazi-zazitkova-predagogika2.png\" alt=\"\" class=\"wp-image-41\" style=\"border-top-left-radius:150px;border-bottom-right-radius:150px;object-fit:cover\" srcset=\"https:\/\/vednice.zolta.cz\/wp-content\/uploads\/2026\/01\/vednice-vahy-rovnice-zavazi-zazitkova-predagogika2.png 800w, https:\/\/vednice.zolta.cz\/wp-content\/uploads\/2026\/01\/vednice-vahy-rovnice-zavazi-zazitkova-predagogika2-300x225.png 300w, https:\/\/vednice.zolta.cz\/wp-content\/uploads\/2026\/01\/vednice-vahy-rovnice-zavazi-zazitkova-predagogika2-768x576.png 768w\" sizes=\"auto, (max-width: 800px) 100vw, 800px\" \/><\/figure>\n\n\n\n<figure class=\"wp-block-image aligncenter size-full has-custom-border\"><img loading=\"lazy\" decoding=\"async\" width=\"1670\" height=\"1000\" src=\"http:\/\/vednice.zolta.cz\/wp-content\/uploads\/2026\/01\/vednice-slunecni-hodiny.png\" alt=\"\" class=\"wp-image-42\" style=\"border-top-left-radius:150px;border-bottom-right-radius:150px;object-fit:cover\" srcset=\"https:\/\/vednice.zolta.cz\/wp-content\/uploads\/2026\/01\/vednice-slunecni-hodiny.png 1670w, https:\/\/vednice.zolta.cz\/wp-content\/uploads\/2026\/01\/vednice-slunecni-hodiny-300x180.png 300w, https:\/\/vednice.zolta.cz\/wp-content\/uploads\/2026\/01\/vednice-slunecni-hodiny-1024x613.png 1024w, https:\/\/vednice.zolta.cz\/wp-content\/uploads\/2026\/01\/vednice-slunecni-hodiny-768x460.png 768w, https:\/\/vednice.zolta.cz\/wp-content\/uploads\/2026\/01\/vednice-slunecni-hodiny-1536x920.png 1536w\" sizes=\"auto, (max-width: 1670px) 100vw, 1670px\" \/><\/figure>\n\n\n\n<figure class=\"wp-block-image aligncenter size-full has-custom-border\"><img loading=\"lazy\" decoding=\"async\" width=\"2000\" height=\"1198\" src=\"http:\/\/vednice.zolta.cz\/wp-content\/uploads\/2026\/01\/vednice-vrstevnice-01.jpg\" alt=\"\" class=\"wp-image-44\" style=\"border-top-left-radius:150px;border-bottom-right-radius:150px;object-fit:cover\" srcset=\"https:\/\/vednice.zolta.cz\/wp-content\/uploads\/2026\/01\/vednice-vrstevnice-01.jpg 2000w, https:\/\/vednice.zolta.cz\/wp-content\/uploads\/2026\/01\/vednice-vrstevnice-01-300x180.jpg 300w, https:\/\/vednice.zolta.cz\/wp-content\/uploads\/2026\/01\/vednice-vrstevnice-01-1024x613.jpg 1024w, https:\/\/vednice.zolta.cz\/wp-content\/uploads\/2026\/01\/vednice-vrstevnice-01-768x460.jpg 768w, https:\/\/vednice.zolta.cz\/wp-content\/uploads\/2026\/01\/vednice-vrstevnice-01-1536x920.jpg 1536w\" sizes=\"auto, (max-width: 2000px) 100vw, 2000px\" \/><\/figure>\n\n\n\n<figure class=\"wp-block-image aligncenter size-full has-custom-border\"><img loading=\"lazy\" decoding=\"async\" width=\"1689\" height=\"1069\" src=\"http:\/\/vednice.zolta.cz\/wp-content\/uploads\/2026\/01\/vednice-pitva-elektrospotrebicu.png\" alt=\"\" class=\"wp-image-45\" style=\"border-top-left-radius:150px;border-bottom-right-radius:150px;object-fit:cover\" srcset=\"https:\/\/vednice.zolta.cz\/wp-content\/uploads\/2026\/01\/vednice-pitva-elektrospotrebicu.png 1689w, https:\/\/vednice.zolta.cz\/wp-content\/uploads\/2026\/01\/vednice-pitva-elektrospotrebicu-300x190.png 300w, https:\/\/vednice.zolta.cz\/wp-content\/uploads\/2026\/01\/vednice-pitva-elektrospotrebicu-1024x648.png 1024w, https:\/\/vednice.zolta.cz\/wp-content\/uploads\/2026\/01\/vednice-pitva-elektrospotrebicu-768x486.png 768w, https:\/\/vednice.zolta.cz\/wp-content\/uploads\/2026\/01\/vednice-pitva-elektrospotrebicu-1536x972.png 1536w\" sizes=\"auto, (max-width: 1689px) 100vw, 1689px\" \/><\/figure>\n\n\n\n<figure class=\"wp-block-image aligncenter size-full has-custom-border\"><img loading=\"lazy\" decoding=\"async\" width=\"562\" height=\"482\" src=\"http:\/\/vednice.zolta.cz\/wp-content\/uploads\/2026\/01\/vednice-souradne.systemy.png\" alt=\"\" class=\"wp-image-48\" style=\"border-top-left-radius:150px;border-bottom-right-radius:150px;object-fit:cover\" srcset=\"https:\/\/vednice.zolta.cz\/wp-content\/uploads\/2026\/01\/vednice-souradne.systemy.png 562w, https:\/\/vednice.zolta.cz\/wp-content\/uploads\/2026\/01\/vednice-souradne.systemy-300x257.png 300w\" sizes=\"auto, (max-width: 562px) 100vw, 562px\" \/><\/figure>\n<\/div>\n\n\n\n<div class=\"wp-block-column is-vertically-aligned-center is-layout-flow wp-block-column-is-layout-flow\">\n<div class=\"wp-block-group is-vertical is-content-justification-stretch is-layout-flex wp-container-core-group-is-layout-353c4f5a wp-block-group-is-layout-flex\">\n<h2 class=\"wp-block-heading has-text-align-left\">Prob\u011bhnuv\u0161\u00ed atr(akce)<\/h2>\n\n\n\n<p>Zde je seznam toho, co v\u0161echno m\u00e1me u\u017e za sebou:<\/p>\n\n\n\n<ul class=\"wp-block-list\">\n<li>V\u011bdnice na pasece \u2013 interaktivn\u00ed technick\u00e1 v\u00fdstava pro d\u011bti pod \u0161ir\u00fdm nebem v prostor\u00e1ch lesn\u00ed \u0161kolky Trojanovice. (2019)<\/li>\n\n\n\n<li>Projektov\u00fd den na Z\u0160 Kun\u010dice pod ond\u0159ejn\u00edkem \u2013 v\u00fdb\u011br expozic z V\u011bdnice pro pot\u0159eby \u0161koly. (2019)<\/li>\n\n\n\n<li>Projektov\u00fd den na Z\u0160 Fren\u0161t\u00e1t \u2013 Z\u00e1hun\u00ed \u2013 v\u00fdb\u011br expozic z V\u011bdnice pro pot\u0159eby \u0161koly. (10.10.2019 )<\/li>\n\n\n\n<li>Projektov\u00fd den na Z\u0160 Horn\u00ed Be\u010dva \u2013 v\u00fdb\u011br expozic z V\u011bdnice pro pot\u0159eby \u0161koly.<\/li>\n\n\n\n<li><a href=\"https:\/\/www.zsfren.cz\/album\/vednice-11.php\">V\u011bdnice ve Valhale \u2013 interaktivn\u00ed technick\u00e1 v\u00fdstava pro d\u011bti v komunitn\u00edm centru Valhala ve Fren\u0161t\u00e1t\u011b pod Radho\u0161t\u011bm. (27.11.2019)<\/a><\/li>\n\n\n\n<li>Projektov\u00fd den na Z\u0160 Trojanovice \u2013 v\u00fdb\u011br expozic z V\u011bdnice pro pot\u0159eby \u0161koly. (10.3.2020)<\/li>\n<\/ul>\n\n\n\n<p>corona pauza<\/p>\n\n\n\n<ul class=\"wp-block-list\">\n<li>Programov\u00e1n\u00ed s robotem v lesn\u00edm klubu \u017dasnem v Trojanovic\u00edch (2020)<\/li>\n\n\n\n<li>Robotika na Z\u0160 Horn\u00ed Be\u010dva \u2013 projektov\u00fd den na t\u00e9ma programov\u00e1n\u00ed a robotiky. (2020)<\/li>\n<\/ul>\n\n\n\n<p>corona pauza<\/p>\n\n\n\n<ul class=\"wp-block-list\">\n<li>Pitva elektrospot\u0159ebi\u010d\u016f v lesn\u00edm klubu \u017dasnem v Trojanovic\u00edch (2021)<\/li>\n\n\n\n<li><a href=\"https:\/\/www.youtube.com\/watch?v=hmPenDKhjGc\" data-type=\"link\" data-id=\"https:\/\/www.youtube.com\/watch?v=hmPenDKhjGc\" target=\"_blank\" rel=\"noreferrer noopener\">Projektov\u00fd den \u2013 Pitva elektrospot\u0159ebi\u010d\u016f na Z\u0160 Horn\u00ed Be\u010dva (2021)<\/a><\/li>\n\n\n\n<li><a href=\"http:\/\/www.zasnem.cz\/2021\/06\/25\/hrad-brumlov-valasske-kralovske-hry-pro-zs\/\">Vala\u0161sk\u00fd den d\u011bt\u00ed na hrad\u011b Brumov Bylnice (2021)<\/a><\/li>\n\n\n\n<li><a href=\"http:\/\/vednice.zolta.cz\/wp-content\/uploads\/2026\/03\/ZpravodajObceListopadProstedniBecva2021-str9-Vednice-projektovyDenNaSkole-Matematika-rovnice.pdf\" target=\"_blank\" rel=\"noreferrer noopener\">Projektov\u00fd den (V\u011bdnice) na Z\u0160 v Prost\u0159edn\u00ed Be\u010dv\u011b (2021)<\/a><\/li>\n\n\n\n<li><a href=\"http:\/\/vednice.zolta.cz\/wp-content\/uploads\/2026\/03\/ZpravodajObceListopadProstedniBecva2021-str10-Vednice-projektovyDenNaSkole-PitvaElektro.pdf\" target=\"_blank\" rel=\"noreferrer noopener\">Projektov\u00fd den (Pitva elektrospot\u0159ebi\u010d\u016f) na Z\u0160 Prost\u0159edn\u00ed Be\u010dva pro 4.t\u0159\u00eddu (2021)<\/a><\/li>\n\n\n\n<li><a href=\"http:\/\/vednice.zolta.cz\/wp-content\/uploads\/2026\/03\/ZpravodajObceListopadProstedniBecva2021-str10-Vednice-projektovyDenNaSkole-PitvaElektro.pdf\" target=\"_blank\" rel=\"noreferrer noopener\">Projektov\u00fd den (Pitva elektrospot\u0159ebi\u010d\u016f) na Z\u0160 Prost\u0159edn\u00ed Be\u010dva pro 3.t\u0159\u00eddu (2021)<\/a><\/li>\n\n\n\n<li>Projektov\u00fd den (Zvuk) na Z\u0160 Prost\u0159edn\u00ed Be\u010dva (2021)<\/li>\n\n\n\n<li>Den v\u011bdy ve Fren\u0161t\u00e1t\u011b pod Radho\u0161t\u011bm (Zvuk) na Z\u0160 Tyr\u0161ov\u00e1 (2021)<\/li>\n<\/ul>\n\n\n\n<ul class=\"wp-block-list\">\n<li><a href=\"http:\/\/www.zasnem.cz\/2022\/06\/01\/vednice-dny-mesta-frenstat\/\">V\u011bdnice na Dnech m\u011bsta Fren\u0161t\u00e1t pod Radho\u0161t\u011bm (2022)<\/a> \u2013 imobil aj.<\/li>\n\n\n\n<li><a href=\"file:\/\/\/D:\/html\/vednice\/vednice\/vednice.zolta.cz\/2022\/08\/22\/vednice-na-festivalu\/index.html\">V\u011bdnice na festivalu Paseka (20.8.2022)<\/a><\/li>\n<\/ul>\n\n\n\n<p><\/p>\n\n\n\n<ul class=\"wp-block-list\">\n<li><a href=\"http:\/\/www.zasnem.cz\/2023\/07\/10\/silny-kontakt-s-fyzikou\/\">V\u011bdnice na festivalu Kontakt (1.7.2023)<\/a><\/li>\n\n\n\n<li><a href=\"https:\/\/www.tvbeskyd.cz\/sedmy-rocnik-pratelskeho-festivalu-paseka-zmenil-misto-konani-a-prilakal-na-1500-navstevniku\/\">V\u011bdnice na festivalu Paseka (2.9.2023)<\/a><\/li>\n\n\n\n<li><a href=\"http:\/\/www.zasnem.cz\/2023\/09\/27\/vednice-v-trojanovicich\/\">V\u011bdnice v Trojanovic\u00edch dny obce (16.9.2023)<\/a><\/li>\n<\/ul>\n\n\n\n<ul class=\"wp-block-list\">\n<li>V\u011bdnice na festivalu Kontakt (22.6.2024) \u2013 S\u00edla<\/li>\n\n\n\n<li>V\u011bdnice na festivalu Paseka (31.8.2024)<\/li>\n\n\n\n<li>V\u011bdnice na family day Vitesco (<s>14.9.2024<\/s> p\u0159esunuto kv\u016fli po\u010das\u00ed na 29.10.2024)<\/li>\n<\/ul>\n\n\n\n<ul class=\"wp-block-list\">\n<li><a href=\"https:\/\/www.tvbeskyd.cz\/frenstat-ma-za-sebou-dalsi-uspesny-sousedsky-piknik\/\">V\u011bdnice na Sousedsk\u00e9m pikniku (18.5.2025) \u2013 od Archim\u00e9da k Maxwellovi<\/a><\/li>\n\n\n\n<li>V\u011bdnice na Kontakt Festu (14.6.2025) \u2013 komunika\u010dn\u00ed hry<\/li>\n\n\n\n<li><a href=\"https:\/\/www.tvbeskyd.cz\/festival-paseka-tradicne-nabidl-prijemnou-atmosferu-a-program-pro-vsechny-generace\/\">V\u011bdnice na festivalu Paseka &#8211; hlavolamy a lukost\u0159elba (30.8.2025)<\/a><\/li>\n\n\n\n<li>Projektov\u00fd den pro \u0161koly &#8211; historie matematiky a v\u00fdroba kalkula\u010dky dnes s pou\u017eit\u00edm um\u011bl\u00e9 inteligence (16.9. \u2013 19.9.2025)<\/li>\n<\/ul>\n\n\n\n<p><\/p>\n<\/div>\n\n\n\n<ul class=\"wp-block-list\">\n<li><strong>Projektov\u00fd den &#8222;Najdi se&#8220; &#8211; Z\u0160 Prost\u0159edn\u00ed Be\u010dva (27.3.2026)<\/strong><\/li>\n\n\n\n<li><strong>V\u011bdnice na narozeninov\u00e9 oslav\u011b &#8211; pitva elektrospot\u0159ebi\u010d\u016f (8.5.2026)<\/strong><\/li>\n\n\n\n<li><strong>Projektov\u00fd den &#8222;Na zv\u00e1\u017een\u00ed&#8220; &#8211; Z\u0160 Prost\u0159edn\u00ed Be\u010dva (5.6.2026)<\/strong><\/li>\n<\/ul>\n\n\n\n<div class=\"wp-block-group is-vertical is-content-justification-stretch is-layout-flex wp-container-core-group-is-layout-353c4f5a wp-block-group-is-layout-flex\">\n<p>A bezpo\u010det drobn\u011bj\u0161\u00edch akci\u010dek pro p\u0159ed\u0161kol\u00e1ky a \u0161kol\u00e1ky 1.stupe\u0148. Realizace r\u016fzn\u00fdch pokus\u016f, jako nap\u0159. sledov\u00e1n\u00ed f\u00e1zi m\u011bs\u00edce v krabi\u010dce od bot, v\u00fdroba archimedovy spir\u00e1ly, kolektivn\u00ed kreslen\u00ed pravou hemisf\u00e9rou, pokusy se sol\u00ed, atd. atd.<\/p>\n<\/div>\n<\/div>\n<\/div>\n<\/div>\n\n\n\n<p><\/p>\n","protected":false},"excerpt":{"rendered":"<p>Prob\u011bhnuv\u0161\u00ed atr(akce) Zde je seznam toho, co v\u0161echno m\u00e1me u\u017e za sebou: corona pauza corona pauza A bezpo\u010det drobn\u011bj\u0161\u00edch akci\u010dek pro p\u0159ed\u0161kol\u00e1ky a \u0161kol\u00e1ky 1.stupe\u0148. Realizace r\u016fzn\u00fdch pokus\u016f, jako nap\u0159. sledov\u00e1n\u00ed f\u00e1zi m\u011bs\u00edce v krabi\u010dce od bot, v\u00fdroba archimedovy spir\u00e1ly, kolektivn\u00ed kreslen\u00ed pravou hemisf\u00e9rou, pokusy se sol\u00ed, atd. atd.<\/p>\n","protected":false},"author":1,"featured_media":0,"parent":0,"menu_order":0,"comment_status":"closed","ping_status":"closed","template":"","meta":{"footnotes":""},"class_list":["post-37","page","type-page","status-publish","hentry"],"_links":{"self":[{"href":"https:\/\/vednice.zolta.cz\/index.php?rest_route=\/wp\/v2\/pages\/37","targetHints":{"allow":["GET"]}}],"collection":[{"href":"https:\/\/vednice.zolta.cz\/index.php?rest_route=\/wp\/v2\/pages"}],"about":[{"href":"https:\/\/vednice.zolta.cz\/index.php?rest_route=\/wp\/v2\/types\/page"}],"author":[{"embeddable":true,"href":"https:\/\/vednice.zolta.cz\/index.php?rest_route=\/wp\/v2\/users\/1"}],"replies":[{"embeddable":true,"href":"https:\/\/vednice.zolta.cz\/index.php?rest_route=%2Fwp%2Fv2%2Fcomments&post=37"}],"version-history":[{"count":15,"href":"https:\/\/vednice.zolta.cz\/index.php?rest_route=\/wp\/v2\/pages\/37\/revisions"}],"predecessor-version":[{"id":131,"href":"https:\/\/vednice.zolta.cz\/index.php?rest_route=\/wp\/v2\/pages\/37\/revisions\/131"}],"wp:attachment":[{"href":"https:\/\/vednice.zolta.cz\/index.php?rest_route=%2Fwp%2Fv2%2Fmedia&parent=37"}],"curies":[{"name":"wp","href":"https:\/\/api.w.org\/{rel}","templated":true}]}}